{"id":2208,"date":"2020-04-21T16:11:29","date_gmt":"2020-04-21T14:11:29","guid":{"rendered":"http:\/\/www.mentattiva.it\/studio\/?page_id=2208"},"modified":"2022-07-22T11:58:45","modified_gmt":"2022-07-22T09:58:45","slug":"formazione-professionale","status":"publish","type":"page","link":"https:\/\/www.mentattiva.it\/studio\/formazione-professionale\/","title":{"rendered":"Formazione Professionale"},"content":{"rendered":"<div class=\"responsive-tabs\">\n<h2 class=\"tabtitle\">Corsi<\/h2>\n<div class=\"tabcontent\">\n\n<div class=\"pt-cv-wrapper\"><div class=\"pt-cv-view pt-cv-grid pt-cv-colsys\" id=\"pt-cv-view-f678bf3otc\"><div data-id=\"pt-cv-page-1\" class=\"pt-cv-page\" data-cvc=\"2\"><div class=\"col-md-6 col-sm-6 col-xs-12 pt-cv-content-item pt-cv-1-col\" ><div class='pt-cv-ifield'><h2 class=\"pt-cv-title\"><a href=\"https:\/\/www.mentattiva.it\/studio\/adobe-photoshop-ed-illustrator-per-digitale-e-stampa\/\" class=\"_self\" target=\"_self\" >Adobe Photoshop per digitale e stampa.<\/a><\/h2>\n<div class=\"pt-cv-content\">Photoshop \u00e8 uno dei programmi fondamentali per l'elaborazione di immagini per l'utilizzo digitale o per la stampa e conoscerlo, pu\u00f2 avere vantaggi professionali e personali.Il corso permette di raggiungere una discreta conoscenza del programma, ma soprattutto le nozioni fondamentali da ...<br \/><div class=\"pt-cv-rmwrap\"><a href=\"https:\/\/www.mentattiva.it\/studio\/adobe-photoshop-ed-illustrator-per-digitale-e-stampa\/\" class=\"_self pt-cv-readmore btn btn-success\" target=\"_self\">\u279d LEGGI TUTTO<\/a><\/div><\/div><\/div><\/div>\n<div class=\"col-md-6 col-sm-6 col-xs-12 pt-cv-content-item pt-cv-1-col\" ><div class='pt-cv-ifield'><h2 class=\"pt-cv-title\"><a href=\"https:\/\/www.mentattiva.it\/studio\/after-effects-e-video-editing\/\" class=\"_self\" target=\"_self\" >After effects e video editing<\/a><\/h2>\n<div class=\"pt-cv-content\">After effects \u00e8 uno dei programmi pi\u00f9 performanti per la produzione di video o animazioni.Il corso base offre gli strumenti utili per avere le conoscenze indispensabili per una buona partenza rispetto ad un programma decisamente articolato e complesso. Il corso ...<br \/><div class=\"pt-cv-rmwrap\"><a href=\"https:\/\/www.mentattiva.it\/studio\/after-effects-e-video-editing\/\" class=\"_self pt-cv-readmore btn btn-success\" target=\"_self\">\u279d LEGGI TUTTO<\/a><\/div><\/div><\/div><\/div>\n<div class=\"col-md-6 col-sm-6 col-xs-12 pt-cv-content-item pt-cv-1-col\" ><div class='pt-cv-ifield'><h2 class=\"pt-cv-title\"><a href=\"https:\/\/www.mentattiva.it\/studio\/archivi-e-supporti-gestire-organizzare-e-proteggere-i-nostri-dati\/\" class=\"_self\" target=\"_self\" >Archivi e supporti: gestire, organizzare e proteggere i nostri dati.<\/a><\/h2>\n<div class=\"pt-cv-content\">I documenti digitali hanno sicuramente dei vantaggi gestionali rispetto a quelli cartacei e quotidianamente condividiamo una quantit\u00e0 notevole di dati online.Conoscere e gestire correttamente i supporti di archiviazione ci aiuta ad organizzare un archivio sempre facilmente consultabile e rapido nella ...<br \/><div class=\"pt-cv-rmwrap\"><a href=\"https:\/\/www.mentattiva.it\/studio\/archivi-e-supporti-gestire-organizzare-e-proteggere-i-nostri-dati\/\" class=\"_self pt-cv-readmore btn btn-success\" target=\"_self\">\u279d LEGGI TUTTO<\/a><\/div><\/div><\/div><\/div>\n<div class=\"col-md-6 col-sm-6 col-xs-12 pt-cv-content-item pt-cv-1-col\" ><div class='pt-cv-ifield'><h2 class=\"pt-cv-title\"><a href=\"https:\/\/www.mentattiva.it\/studio\/best-practise-for-web-contenuti-e-contenitori-per-fare-buon-web\/\" class=\"_self\" target=\"_self\" >Best practices for WEB: contenuti e contenitori per <em>fare buon web<\/em>.<\/a><\/h2>\n<div class=\"pt-cv-content\">Spesso ci si concentra quasi esclusivamente sull'aspetto del sito, ma una comunicazione completa ed efficacie non ottiene risultati senza contenuto non solo bello, ma anche e soprattutto utile e funzionale.Il corso prende in esame entrambi gli aspetti, relazionandoli inoltre ai ...<br \/><div class=\"pt-cv-rmwrap\"><a href=\"https:\/\/www.mentattiva.it\/studio\/best-practise-for-web-contenuti-e-contenitori-per-fare-buon-web\/\" class=\"_self pt-cv-readmore btn btn-success\" target=\"_self\">\u279d LEGGI TUTTO<\/a><\/div><\/div><\/div><\/div>\n<div class=\"col-md-6 col-sm-6 col-xs-12 pt-cv-content-item pt-cv-1-col\" ><div class='pt-cv-ifield'><h2 class=\"pt-cv-title\"><a href=\"https:\/\/www.mentattiva.it\/studio\/ecommerce-quando-gli-acquisti-online-sono-sicuri\/\" class=\"_self\" target=\"_self\" >eCommerce: quando gli acquisti online sono sicuri.<\/a><\/h2>\n<div class=\"pt-cv-content\">Con gli acquisti online si possono raggiungere differenti mercati e condizioni di acquisto che possono essere vantaggiosi per approvvigionamenti aziendali o acquisti personali, a patto che si conosca come operare in sicurezza. Panoramica Codice del consumo.Condizioni e garanzie.Analisi e valutazione ...<br \/><div class=\"pt-cv-rmwrap\"><a href=\"https:\/\/www.mentattiva.it\/studio\/ecommerce-quando-gli-acquisti-online-sono-sicuri\/\" class=\"_self pt-cv-readmore btn btn-success\" target=\"_self\">\u279d LEGGI TUTTO<\/a><\/div><\/div><\/div><\/div>\n<div class=\"col-md-6 col-sm-6 col-xs-12 pt-cv-content-item pt-cv-1-col\" ><div class='pt-cv-ifield'><h2 class=\"pt-cv-title\"><a href=\"https:\/\/www.mentattiva.it\/studio\/corso-base-di-fotografia-digitale-dallo-scatto-alla-stampa-passando-per-la-storia\/\" class=\"_self\" target=\"_self\" >Fotografia digitale e analogica. Dallo scatto alla stampa passando per la storia.<\/a><\/h2>\n<div class=\"pt-cv-content\">Scrivere con la luce ha sempre affascinato molti di noi. Conoscere la storia che ha caratterizzato i principali sviluppi fotografici - permette di comprenderne appieno il significato espressivo - completando cos\u00ec le conoscenze tecniche.Il corso pensa alla fotografia come ad ...<br \/><div class=\"pt-cv-rmwrap\"><a href=\"https:\/\/www.mentattiva.it\/studio\/corso-base-di-fotografia-digitale-dallo-scatto-alla-stampa-passando-per-la-storia\/\" class=\"_self pt-cv-readmore btn btn-success\" target=\"_self\">\u279d LEGGI TUTTO<\/a><\/div><\/div><\/div><\/div>\n<div class=\"col-md-6 col-sm-6 col-xs-12 pt-cv-content-item pt-cv-1-col\" ><div class='pt-cv-ifield'><h2 class=\"pt-cv-title\"><a href=\"https:\/\/www.mentattiva.it\/studio\/informatica-e-internet\/\" class=\"_self\" target=\"_self\" >Informatica e Internet<\/a><\/h2>\n<div class=\"pt-cv-content\">Digitali, digitalizzati o digitalizzandi, che sia per studio, lavoro o quotidiano vivere, \u00e8 sempre pi\u00f9 improbabile non dover utilizzare informatica e pc (o smartphone).Il corso risponde a tutte le esigenze - professionali o personali - ed \u00e8 rivolto quindi a ...<br \/><div class=\"pt-cv-rmwrap\"><a href=\"https:\/\/www.mentattiva.it\/studio\/informatica-e-internet\/\" class=\"_self pt-cv-readmore btn btn-success\" target=\"_self\">\u279d LEGGI TUTTO<\/a><\/div><\/div><\/div><\/div>\n<div class=\"col-md-6 col-sm-6 col-xs-12 pt-cv-content-item pt-cv-1-col\" ><div class='pt-cv-ifield'><h2 class=\"pt-cv-title\"><a href=\"https:\/\/www.mentattiva.it\/studio\/spazio-come-gestire-ed-organizzare-al-meglio-spazio-e-relazioni\/\" class=\"_self\" target=\"_self\" >Spazio: come gestire ed organizzare al meglio spazio-e-relazioni.<\/a><\/h2>\n<div class=\"pt-cv-content\">Fare attenzione all'ambiente di lavoro non \u00e8 pi\u00f9 retorica, ma un vero strumento di efficienza ed efficacia perch\u00e9 \u00e8 ormai oggettivo e dimostrato che dove si lavora meglio si produce di pi\u00f9.Organizzare l'ambiente di lavoro negli spazi e nella gestione ...<br \/><div class=\"pt-cv-rmwrap\"><a href=\"https:\/\/www.mentattiva.it\/studio\/spazio-come-gestire-ed-organizzare-al-meglio-spazio-e-relazioni\/\" class=\"_self pt-cv-readmore btn btn-success\" target=\"_self\">\u279d LEGGI TUTTO<\/a><\/div><\/div><\/div><\/div>\n<div class=\"col-md-6 col-sm-6 col-xs-12 pt-cv-content-item pt-cv-1-col\" ><div class='pt-cv-ifield'><h2 class=\"pt-cv-title\"><a href=\"https:\/\/www.mentattiva.it\/studio\/wordpress\/\" class=\"_self\" target=\"_self\" >WordPress<\/a><\/h2>\n<div class=\"pt-cv-content\">Wordpress tappa per tappa: dal download del CMS, alla visualizzazione del sito creato. Installazione Hosting e requisiti minimi.FTP e DB.Installazione e configurazione.Strumenti e impostazioni principali. Temi e Plugins Installazione e configurazione tema e template.Installazione e configurazione plugins Editor Editor.Customizzazione tema ...<br \/><div class=\"pt-cv-rmwrap\"><a href=\"https:\/\/www.mentattiva.it\/studio\/wordpress\/\" class=\"_self pt-cv-readmore btn btn-success\" target=\"_self\">\u279d LEGGI TUTTO<\/a><\/div><\/div><\/div><\/div><\/div><\/div><\/div>\n\n<\/div><h2 class=\"tabtitle\">Seminari<\/h2>\n<div class=\"tabcontent\">\n\n<div class=\"pt-cv-wrapper\"><div class=\"pt-cv-view pt-cv-grid pt-cv-colsys\" id=\"pt-cv-view-f3b378dsa4\"><div data-id=\"pt-cv-page-1\" class=\"pt-cv-page\" data-cvc=\"2\"><div class=\"col-md-6 col-sm-6 col-xs-12 pt-cv-content-item pt-cv-1-col\" ><div class='pt-cv-ifield'><h2 class=\"pt-cv-title\"><a href=\"https:\/\/www.mentattiva.it\/studio\/forme-societarie-scegliere-al-meglio-per-la-nostra-nostra-attivita-o-la-scelta-migliore-per-la-nostra-attivita\/\" class=\"_self\" target=\"_self\" >Forme societarie: la scelta migliore per la nostra attivit\u00e0. Pro e Contro delle possibili forme societarie.<\/a><\/h2>\n<div class=\"pt-cv-content\">La scelta della forma societaria pu\u00f2 avere forte impatto nello svolgimento e nello sviluppo della nostra attivit\u00e0.Ci sono poi ricadute anche nella nostra vita lavorativa come ad esempio nella tutela nostro patrimonio.Individuare in start-up, e nel tempo, il giusto indirizzo ...<br \/><div class=\"pt-cv-rmwrap\"><a href=\"https:\/\/www.mentattiva.it\/studio\/forme-societarie-scegliere-al-meglio-per-la-nostra-nostra-attivita-o-la-scelta-migliore-per-la-nostra-attivita\/\" class=\"_self pt-cv-readmore btn btn-success\" target=\"_self\">\u279d LEGGI TUTTO<\/a><\/div><\/div><\/div><\/div>\n<div class=\"col-md-6 col-sm-6 col-xs-12 pt-cv-content-item pt-cv-1-col\" ><div class='pt-cv-ifield'><h2 class=\"pt-cv-title\"><a href=\"https:\/\/www.mentattiva.it\/studio\/imprese-professionisti-outsourcing-ottimizzare-al-meglio-collaborazioni-e-appalti\/\" class=\"_self\" target=\"_self\" >Imprese, professionisti, outsourcing: ottimizzare al meglio collaborazioni e appalti.<\/a><\/h2>\n<div class=\"pt-cv-content\">Cambia il lavoro, cambiano le relazioni ed i contratti.Il nostro tessuto sociale \u00e8 cambiato, e sempre pi\u00f9 PMI e professionisti creano sinergie o reti d'impresa per sostenere e sviluppare nuove economie. Per sfruttare queste nuove opportunit\u00e0 occorre altrettanta sinergia tra ...<br \/><div class=\"pt-cv-rmwrap\"><a href=\"https:\/\/www.mentattiva.it\/studio\/imprese-professionisti-outsourcing-ottimizzare-al-meglio-collaborazioni-e-appalti\/\" class=\"_self pt-cv-readmore btn btn-success\" target=\"_self\">\u279d LEGGI TUTTO<\/a><\/div><\/div><\/div><\/div>\n<div class=\"col-md-6 col-sm-6 col-xs-12 pt-cv-content-item pt-cv-1-col\" ><div class='pt-cv-ifield'><h2 class=\"pt-cv-title\"><a href=\"https:\/\/www.mentattiva.it\/studio\/le-successioni-e-le-sue-forme\/\" class=\"_self\" target=\"_self\" >Le Successioni e le sue forme<\/a><\/h2>\n<div class=\"pt-cv-content\">L'eredit\u00e0, cospicua o modesta che sia, \u00e8 sempre comunque un punto di legame tra erede ed ereditieri ed in alcuni casi purtroppo pu\u00f2 anche comportare problematiche che non ci si aspettava o non sempre facili da risolvere. Il seminario presenta ...<br \/><div class=\"pt-cv-rmwrap\"><a href=\"https:\/\/www.mentattiva.it\/studio\/le-successioni-e-le-sue-forme\/\" class=\"_self pt-cv-readmore btn btn-success\" target=\"_self\">\u279d LEGGI TUTTO<\/a><\/div><\/div><\/div><\/div>\n<div class=\"col-md-6 col-sm-6 col-xs-12 pt-cv-content-item pt-cv-1-col\" ><div class='pt-cv-ifield'><h2 class=\"pt-cv-title\"><a href=\"https:\/\/www.mentattiva.it\/studio\/recupero-credito-prevenzione-metodi-e-processi\/\" class=\"_self\" target=\"_self\" >Recupero credito: prevenzione, metodi e processi.<\/a><\/h2>\n<div class=\"pt-cv-content\">Il credito \u00e8, \u00e8 stato, e probabilmente sempre sar\u00e0, una delle questioni pi\u00f9 delicate per il successo della nostra attivit\u00e0.Molte realt\u00e0 si trovano in sofferenza perch\u00e9 non riescono ad agire tempestivamente sul recupero del credito o non hanno in essere ...<br \/><div class=\"pt-cv-rmwrap\"><a href=\"https:\/\/www.mentattiva.it\/studio\/recupero-credito-prevenzione-metodi-e-processi\/\" class=\"_self pt-cv-readmore btn btn-success\" target=\"_self\">\u279d LEGGI TUTTO<\/a><\/div><\/div><\/div><\/div>\n<div class=\"col-md-6 col-sm-6 col-xs-12 pt-cv-content-item pt-cv-1-col\" ><div class='pt-cv-ifield'><h2 class=\"pt-cv-title\"><a href=\"https:\/\/www.mentattiva.it\/studio\/risorse-dare-valore-per-avere-redditivita\/\" class=\"_self\" target=\"_self\" >Risorse: dare valore per avere redditivit\u00e0.<\/a><\/h2>\n<div class=\"pt-cv-content\">Il modo con cui interagiamo e gestiamo i nostri collaboratori pu\u00f2 segnare con determinazione la differenza che c'\u00e8 tra costo ed investimento. Una risorsa ben gestita ed organizzata \u00e8 l'investimento con cui produciamo il nostro lavoro e arricchiamo la nostra ...<br \/><div class=\"pt-cv-rmwrap\"><a href=\"https:\/\/www.mentattiva.it\/studio\/risorse-dare-valore-per-avere-redditivita\/\" class=\"_self pt-cv-readmore btn btn-success\" target=\"_self\">\u279d LEGGI TUTTO<\/a><\/div><\/div><\/div><\/div>\n<div class=\"col-md-6 col-sm-6 col-xs-12 pt-cv-content-item pt-cv-1-col\" ><div class='pt-cv-ifield'><h2 class=\"pt-cv-title\"><a href=\"https:\/\/www.mentattiva.it\/studio\/tutela-patrimonio-e-proprieta\/\" class=\"_self\" target=\"_self\" >Tutela Patrimonio e Propriet\u00e0<\/a><\/h2>\n<div class=\"pt-cv-content\">Il patrimonio e la propriet\u00e0 sono sicuramente argomenti trasversali che coinvolgono tutti.Indipendentemente da quanto ingenti, sono certamente di rilevante importanza per la nostra vita e per la nostra professione, ecco perch\u00e9 \u00e8 interessante ed utile conoscere con questo seminario i ...<br \/><div class=\"pt-cv-rmwrap\"><a href=\"https:\/\/www.mentattiva.it\/studio\/tutela-patrimonio-e-proprieta\/\" class=\"_self pt-cv-readmore btn btn-success\" target=\"_self\">\u279d LEGGI TUTTO<\/a><\/div><\/div><\/div><\/div><\/div><\/div><\/div>\n<\/div><\/div>\n","protected":false},"excerpt":{"rendered":"","protected":false},"author":1,"featured_media":0,"parent":0,"menu_order":0,"comment_status":"closed","ping_status":"closed","template":"","meta":{"footnotes":""},"class_list":["post-2208","page","type-page","status-publish","hentry"],"_links":{"self":[{"href":"https:\/\/www.mentattiva.it\/studio\/wp-json\/wp\/v2\/pages\/2208","targetHints":{"allow":["GET"]}}],"collection":[{"href":"https:\/\/www.mentattiva.it\/studio\/wp-json\/wp\/v2\/pages"}],"about":[{"href":"https:\/\/www.mentattiva.it\/studio\/wp-json\/wp\/v2\/types\/page"}],"author":[{"embeddable":true,"href":"https:\/\/www.mentattiva.it\/studio\/wp-json\/wp\/v2\/users\/1"}],"replies":[{"embeddable":true,"href":"https:\/\/www.mentattiva.it\/studio\/wp-json\/wp\/v2\/comments?post=2208"}],"version-history":[{"count":18,"href":"https:\/\/www.mentattiva.it\/studio\/wp-json\/wp\/v2\/pages\/2208\/revisions"}],"predecessor-version":[{"id":2439,"href":"https:\/\/www.mentattiva.it\/studio\/wp-json\/wp\/v2\/pages\/2208\/revisions\/2439"}],"wp:attachment":[{"href":"https:\/\/www.mentattiva.it\/studio\/wp-json\/wp\/v2\/media?parent=2208"}],"curies":[{"name":"wp","href":"https:\/\/api.w.org\/{rel}","templated":true}]}}